{"id":53,"date":"2015-04-15T15:07:56","date_gmt":"2015-04-15T13:07:56","guid":{"rendered":"https:\/\/schloss-cafe-freiberg.de\/inhalt\/?page_id=53"},"modified":"2025-01-23T11:16:10","modified_gmt":"2025-01-23T10:16:10","slug":"impressum","status":"publish","type":"page","link":"https:\/\/schloss-cafe-freiberg.de\/inhalt\/impressum\/","title":{"rendered":"Impressum"},"content":{"rendered":"<h3>Herausgeber<\/h3>\n<p>GSM Gastro\u2013Service\u2013Mittelsachsen GmbH<br \/>\nAm F\u00fcrstenwald<br \/>\n09599 Freiberg<\/p>\n<p>Telefon +49 3731 363 225<\/p>\n<p>Gesch\u00e4ftsf\u00fchrer:<br \/>\nHolger Scheich<br \/>\nAndrea Tzsch\u00f6ckel<\/p>\n<p>Amtsgericht Chemnitz: HRB 13867<br \/>\nUst-ID: DE263608869<\/p>\n<p>Bilder: Ren\u00e9 Jungnickel<\/p>\n<h3>Datenschutzrechtlich Verantwortlicher<\/h3>\n<p>Radeberger Gruppe KG<br \/>\nDarmst\u00e4dter Landstr. 185<br \/>\n60598 Frankfurt am Main<br \/>\nE-Mail:&nbsp;<a>info(at)radeberger-gruppe.de<\/a><br \/>\nWebsite:&nbsp;<a href=\"http:\/\/www.radeberger-gruppe.de\/\" target=\"_blank\" rel=\"noopener\">www.radeberger-gruppe.de<\/a><\/p>\n<p><strong>Kontaktdaten des Datenschutzbeauftragten:<\/strong><br \/>\nHerr Tobias G\u00f6ldner, Oetker Digital GmbH, Lutterstra\u00dfe 14, 33617 Bielefeld<br \/>\nE-Mail:&nbsp;<a>datenschutzbeauftragter(at)radeberger-gruppe.de<\/a><\/p>\n<p>Informationen zum Datenschutz: <a href=\"https:\/\/schloss-cafe-freiberg.de\/inhalt\/datenschutz\/\">Schloss-Caf\u00e9 Freiberg | Datenschutz<\/a><\/p>\n<h3>&nbsp;<\/h3>\n<h3>Disclaimer<\/h3>\n<h3>Streitschlichtung<\/h3>\n<p>Die Europ\u00e4ische Kommission stellt eine Plattform zur Online-Streitbeilegung (OS) bereit: <a href=\"https:\/\/ec.europa.eu\/consumers\/odr\" target=\"_blank\" rel=\"noopener noreferrer\">https:\/\/ec.europa.eu\/consumers\/odr<\/a>.<br \/>\nUnsere E-Mail-Adresse finden Sie oben im Impressum.<\/p>\n<p>Wir sind nicht bereit oder verpflichtet, an Streitbeilegungsverfahren vor einer Verbraucherschlichtungsstelle teilzunehmen.<\/p>\n<h3>Haftung f\u00fcr Inhalte<\/h3>\n<p>Als Diensteanbieter sind wir gem\u00e4\u00df \u00a7 7 Abs.1 TMG f\u00fcr eigene Inhalte auf diesen Seiten nach den allgemeinen Gesetzen verantwortlich. Nach \u00a7\u00a7 8 bis 10 TMG sind wir als Diensteanbieter jedoch nicht verpflichtet, \u00fcbermittelte oder gespeicherte fremde Informationen zu \u00fcberwachen oder nach Umst\u00e4nden zu forschen, die auf eine rechtswidrige T\u00e4tigkeit hinweisen.<\/p>\n<p>Verpflichtungen zur Entfernung oder Sperrung der Nutzung von Informationen nach den allgemeinen Gesetzen bleiben hiervon unber\u00fchrt. Eine diesbez\u00fcgliche Haftung ist jedoch erst ab dem Zeitpunkt der Kenntnis einer konkreten Rechtsverletzung m\u00f6glich. Bei Bekanntwerden von entsprechenden Rechtsverletzungen werden wir diese Inhalte umgehend entfernen.<\/p>\n<h3>Haftung f\u00fcr Links<\/h3>\n<p>Unser Angebot enth\u00e4lt Links zu externen Websites Dritter, auf deren Inhalte wir keinen Einfluss haben. Deshalb k\u00f6nnen wir f\u00fcr diese fremden Inhalte auch keine Gew\u00e4hr \u00fcbernehmen. F\u00fcr die Inhalte der verlinkten Seiten ist stets der jeweilige Anbieter oder Betreiber der Seiten verantwortlich. Die verlinkten Seiten wurden zum Zeitpunkt der Verlinkung auf m\u00f6gliche Rechtsverst\u00f6\u00dfe \u00fcberpr\u00fcft. Rechtswidrige Inhalte waren zum Zeitpunkt der Verlinkung nicht erkennbar.<\/p>\n<p>Eine permanente inhaltliche Kontrolle der verlinkten Seiten ist jedoch ohne konkrete Anhaltspunkte einer Rechtsverletzung nicht zumutbar. Bei Bekanntwerden von Rechtsverletzungen werden wir derartige Links umgehend entfernen.<\/p>\n<h3>Urheberrecht<\/h3>\n<p>Die durch die Seitenbetreiber erstellten Inhalte und Werke auf diesen Seiten unterliegen dem deutschen Urheberrecht. Die Vervielf\u00e4ltigung, Bearbeitung, Verbreitung und jede Art der Verwertung au\u00dferhalb der Grenzen des Urheberrechtes bed\u00fcrfen der schriftlichen Zustimmung des jeweiligen Autors bzw. Erstellers. Downloads und Kopien dieser Seite sind nur f\u00fcr den privaten, nicht kommerziellen Gebrauch gestattet.<\/p>\n<p>Soweit die Inhalte auf dieser Seite nicht vom Betreiber erstellt wurden, werden die Urheberrechte Dritter beachtet. Insbesondere werden Inhalte Dritter als solche gekennzeichnet. Sollten Sie trotzdem auf eine Urheberrechtsverletzung aufmerksam werden, bitten wir um einen entsprechenden Hinweis. Bei Bekanntwerden von Rechtsverletzungen werden wir derartige Inhalte umgehend entfernen.<\/p>\n<p>Quelle: <a href=\"https:\/\/www.e-recht24.de\" target=\"_blank\" rel=\"noopener noreferrer\">eRecht24<\/a><\/p>\n","protected":false},"excerpt":{"rendered":"<p>Herausgeber GSM Gastro\u2013Service\u2013Mittelsachsen GmbH Am F\u00fcrstenwald 09599 Freiberg Telefon +49 3731 363 225 Gesch\u00e4ftsf\u00fchrer: Holger Scheich Andrea Tzsch\u00f6ckel Amtsgericht Chemnitz: HRB 13867 Ust-ID: DE263608869 Bilder: Ren\u00e9 Jungnickel Datenschutzrechtlich Verantwortlicher Radeberger Gruppe KG Darmst\u00e4dter Landstr. 185 60598 Frankfurt am Main E-Mail:&nbsp;info(at)radeberger-gruppe.de Website:&nbsp;www.radeberger-gruppe.de Kontaktdaten des Datenschutzbeauftragten: Herr Tobias G\u00f6ldner, Oetker Digital GmbH, Lutterstra\u00dfe 14, 33617 Bielefeld E-Mail:&nbsp;datenschutzbeauftragter(at)radeberger-gruppe.de [&hellip;]<\/p>\n","protected":false},"author":1,"featured_media":0,"parent":0,"menu_order":0,"comment_status":"closed","ping_status":"closed","template":"","meta":{"ngg_post_thumbnail":0,"footnotes":""},"class_list":["post-53","page","type-page","status-publish","hentry"],"_links":{"self":[{"href":"https:\/\/schloss-cafe-freiberg.de\/inhalt\/wp-json\/wp\/v2\/pages\/53","targetHints":{"allow":["GET"]}}],"collection":[{"href":"https:\/\/schloss-cafe-freiberg.de\/inhalt\/wp-json\/wp\/v2\/pages"}],"about":[{"href":"https:\/\/schloss-cafe-freiberg.de\/inhalt\/wp-json\/wp\/v2\/types\/page"}],"author":[{"embeddable":true,"href":"https:\/\/schloss-cafe-freiberg.de\/inhalt\/wp-json\/wp\/v2\/users\/1"}],"replies":[{"embeddable":true,"href":"https:\/\/schloss-cafe-freiberg.de\/inhalt\/wp-json\/wp\/v2\/comments?post=53"}],"version-history":[{"count":20,"href":"https:\/\/schloss-cafe-freiberg.de\/inhalt\/wp-json\/wp\/v2\/pages\/53\/revisions"}],"predecessor-version":[{"id":1197,"href":"https:\/\/schloss-cafe-freiberg.de\/inhalt\/wp-json\/wp\/v2\/pages\/53\/revisions\/1197"}],"wp:attachment":[{"href":"https:\/\/schloss-cafe-freiberg.de\/inhalt\/wp-json\/wp\/v2\/media?parent=53"}],"curies":[{"name":"wp","href":"https:\/\/api.w.org\/{rel}","templated":true}]}}