{"id":51,"date":"2015-04-15T14:54:14","date_gmt":"2015-04-15T12:54:14","guid":{"rendered":"https:\/\/schloss-cafe-freiberg.de\/inhalt\/?page_id=51"},"modified":"2024-05-23T16:47:53","modified_gmt":"2024-05-23T14:47:53","slug":"datenschutz","status":"publish","type":"page","link":"https:\/\/schloss-cafe-freiberg.de\/inhalt\/datenschutz\/","title":{"rendered":"Datenschutz"},"content":{"rendered":"<div class=\"postcontent\">\n<div class=\"art-postcontent\">\n<div class=\"art-article\">\n<div class=\"art-postcontent\">\n<div class=\"art-article\">\n<h1>Datenschutzinformation<\/h1>\n<h2>Datenschutzrechtlich Verantwortlicher:<\/h2>\n<p>Radeberger Gruppe KG<br \/>\nDarmst\u00e4dter Landstr. 185<br \/>\n60598 Frankfurt am Main<br \/>\nE-Mail:&nbsp;<a>info(at)radeberger-gruppe.de<\/a><br \/>\nWebsite:&nbsp;<a href=\"http:\/\/www.radeberger-gruppe.de\/\" target=\"_blank\" rel=\"noopener\">www.radeberger-gruppe.de<\/a><\/p>\n<p><strong>Kontaktdaten des Datenschutzbeauftragten:<\/strong><br \/>\nHerr Tobias G\u00f6ldner, Oetker Digital GmbH, Lutterstra\u00dfe 14, 33617 Bielefeld<br \/>\nE-Mail:&nbsp;<a>datenschutzbeauftragter(at)radeberger-gruppe.de<\/a><\/p>\n<p>Wir nehmen den Schutz Ihrer personenbezogenen Daten sehr ernst und erheben personenbezogene Daten daher grds. nur im notwendigen Umfang. Die nachfolgende Information gibt Ihnen einen \u00dcberblick dar\u00fcber, welche Ihrer personenbezogenen Daten zu welchen Zwecken bei Nutzung unserer Websites oder anderen Anl\u00e4ssen verarbeitet werden. Wir halten diese Datenschutzinformation immer auf dem aktuellen Stand und passen sie erforderlichenfalls an ver\u00e4nderte tats\u00e4chliche oder gesetzliche Rahmenbedingungen an. Diese Anpassungen werden mit Nutzung unserer Websites akzeptiert.<\/p>\n<h2>Datenverarbeitung auf dieser Internetseite:<\/h2>\n<ol>\n<li>Automatisch generierte Daten<\/li>\n<li>Cookies<\/li>\n<li>Kontaktaufnahme<\/li>\n<li>Bilder bei Veranstaltungen<\/li>\n<li>Zugriff Dritter<\/li>\n<li>Dauer der Datenverarbeitung<\/li>\n<li>Ihre Rechte<\/li>\n<li>Soziale Medien<\/li>\n<li>Plugins und Tools<\/li>\n<\/ol>\n<h3>1. Automatisch generierte Daten<\/h3>\n<p>Bei jedem Aufruf unserer Websites werden in Logfiles automatisch Daten verarbeitet, die von Ihrem Endger\u00e4t stammen und auch personenbezogene Daten umfassen k\u00f6nnen. Dies gilt f\u00fcr folgende Daten:<\/p>\n<ul>\n<li>Browsertyp\/-version<\/li>\n<li>Betriebssystem<\/li>\n<li>Name des Providers<\/li>\n<li>IP-Adresse<\/li>\n<li>Datum und Uhrzeit des Aufrufs<\/li>\n<li>besuchte Websites (und etwaige Suchw\u00f6rter)<\/li>\n<li>Referrer URL (die zuvor besuchte Seite)<\/li>\n<\/ul>\n<p>Wir verarbeiten diese Daten nicht zusammen mit anderen personenbezogenen Daten von Ihnen, d.h. wir ordnen diese Daten nicht Ihrer Person zu.<\/p>\n<p>Rechtsgrundlage f\u00fcr die Verarbeitung dieser Daten ist Art. 6 Abs. 1 f) DSGVO. Die Verarbeitung ist erforderlich, um die Funktionsf\u00e4higkeit der Website sicherzustellen sowie statistische Auswertungen vorzunehmen, um die Inhalte unserer Websites zu optimieren und korrekt darzustellen und ggf. um Strafverfolgungsbeh\u00f6rden z.B. im Falle eines Cyberangriffes die zur Strafverfolgung notwendigen Informationen bereitzustellen. Darin liegt auch das berechtigte Interesse an der Datenverarbeitung. Diese Datenverarbeitung ist f\u00fcr den Betrieb der Websites zwingend notwendig. Es besteht daher keine M\u00f6glichkeit des Widerspruchs.<\/p>\n<p>Die o.g. Daten werden gel\u00f6scht, sobald sie f\u00fcr die Erreichung der vorgenannten Zwecke nicht mehr erforderlich sind. Im Falle der Verarbeitung Ihrer IP-Adresse erfolgt die L\u00f6schung sp\u00e4testens nach 3 Monaten.<\/p>\n<h3>2. Cookies<\/h3>\n<p>Die Internetseiten verwenden teilweise so genannte Cookies. Cookies richten auf Ihrem Rechner keinen Schaden an und enthalten keine Viren. Cookies dienen dazu, unser Angebot nutzerfreundlicher, effektiver und sicherer zu machen. Cookies sind kleine Textdateien, die auf Ihrem Rechner abgelegt werden und die Ihr Browser speichert.<\/p>\n<p>Die meisten der von uns verwendeten Cookies sind so genannte \u201cSession-Cookies\u201d. Sie werden nach Ende Ihres Besuchs automatisch gel\u00f6scht. Andere Cookies bleiben auf Ihrem Endger\u00e4t gespeichert bis Sie diese l\u00f6schen. Diese Cookies erm\u00f6glichen es uns, Ihren Browser beim n\u00e4chsten Besuch wiederzuerkennen.<\/p>\n<p>Sie k\u00f6nnen Ihren Browser so einstellen, dass Sie \u00fcber das Setzen von Cookies informiert werden und Cookies nur im Einzelfall erlauben, die Annahme von Cookies f\u00fcr bestimmte F\u00e4lle oder generell ausschlie\u00dfen sowie das automatische L\u00f6schen der Cookies beim Schlie\u00dfen des Browser aktivieren. Bei der Deaktivierung von Cookies kann die Funktionalit\u00e4t dieser Website eingeschr\u00e4nkt sein.<\/p>\n<p>Cookies, die zur Durchf\u00fchrung des elektronischen Kommunikationsvorgangs oder zur Bereitstellung bestimmter, von Ihnen erw\u00fcnschter Funktionen (z.B. Warenkorbfunktion) erforderlich sind, werden auf Grundlage von Art. 6 Abs. 1 lit. f DSGVO gespeichert. Der Websitebetreiber hat ein berechtigtes Interesse an der Speicherung von Cookies zur technisch fehlerfreien und optimierten Bereitstellung seiner Dienste. Soweit andere Cookies (z.B. Cookies zur Analyse Ihres Surfverhaltens) gespeichert werden, werden diese in dieser Datenschutzerkl\u00e4rung gesondert behandelt.<\/p>\n<h3>3. Kontaktaufnahme<\/h3>\n<p>Wenn Sie uns per E-Mail, Social Media, Kontaktformular oder auf andere Weise kontaktieren (z.B. im Rahmen einer Anfrage, Reklamation o.\u00e4.), verarbeiten wir Ihre dabei angegebenen personenbezogenen Daten. Die Verarbeitung erfolgt dann zum Zweck der Bearbeitung der Anfrage\/Reklamation o.\u00e4. sowie zu deren Dokumentation. Eine Weitergabe an Dritte erfolgt nur, wenn dies zur Bearbeitung bzw. Durchf\u00fchrung erforderlich ist (z.B. an den Veranstalter bei Anmeldungen zu einer Veranstaltung). Rechtsgrundlage f\u00fcr die Datenverarbeitung ist Art. 6 Abs. 1 a), b) und f) DSGVO.<\/p>\n<h3>4. Bilder bei Veranstaltungen<\/h3>\n<p>Wir lassen bei unseren Veranstaltungen Fotos\/Videos (\u201eBilder\u201c) von u.a. von Besuchern anfertigen. Hierbei werden die Personen entweder individuell oder als Teil einer Gruppe abgebildet. Die Bilder werden zu Berichts- und Dokumentationszwecken sowie zu Kommunikations- und Werbezwecken im Zusammenhang mit der Veranstaltung genutzt und ver\u00f6ffentlicht, insbesondere auf der Marken-Website und der Facebook-Seite der beteiligten Marke sowie ggf. auf der Unternehmenswebsite www.event-gesm.de und im Mitarbeiter- und Kundenmagazin. Die Bilder werden bei uns archiviert. Rechtsgrundlage ist \u00a7\u00a7 22, 23 KUG sowie Art. 6 Abs. 1 a und f) DSGVO.<\/p>\n<h3>5. Zugriff Dritter<\/h3>\n<p><strong>&nbsp;<\/strong>Die Datenverarbeitung erfolgt nur durch uns und ggf. durch von uns beauftragte Dienstleister sowie im Falle Ihrer Einwilligung oder im Rahmen von Vertragsverh\u00e4ltnissen auch durch sonstige Dritte und im Falle von pseudonymisierten Daten auch durch Unternehmen der Oetker Gruppe, mit denen wir konzernm\u00e4\u00dfig verbunden sind. Im \u00dcbrigen werden wir Ihre personenbezogenen Daten nur bei beh\u00f6rdlicher oder gesetzlicher Verpflichtung verarbeiten.<\/p>\n<h3>6. Dauer der Datenverarbeitung<\/h3>\n<p>Ihre personenbezogenen Daten verarbeiten wir nur, solange die f\u00fcr die jeweilige Verarbeitung genannten Zwecke i.S.d. Art. 6 Abs. 1 DSGVO vorliegen bzw. bis zum Ablauf der Verj\u00e4hrungsfristen etwaiger Anspr\u00fcche und gesetzlicher Aufbewahrungspflichten.<\/p>\n<h3>7. Ihre Rechte<\/h3>\n<p><strong>&nbsp;<\/strong>Sie haben jederzeit das Recht auf Auskunft \u00fcber die bez\u00fcglich Ihrer Person gespeicherten Daten sowie auf Berichtigung, L\u00f6schung, Einschr\u00e4nkung der Verarbeitung, Daten\u00fcbertragbarkeit und Widerspruch (Art. 15-21 DSGVO), ggf. auf Widerruf einer erteilten Einwilligung (mit Wirkung f\u00fcr die Zukunft, Art. 7 DSGVO) sowie auf Beschwerde bei einer Aufsichtsbeh\u00f6rde (Art. 77 DSGVO).<\/p>\n<p>Wenn Sie Ihre Rechte geltend machen wollen oder Fragen haben, die Ihnen diese Datenschutzinformation nicht beantworten konnte, wenden Sie sich bitte per Brief oder E-Mail an unseren Datenschutzbeauftragten (Kontaktdaten siehe oben).<\/p>\n<\/div>\n<\/div>\n<h3>8. Soziale Medien<\/h3>\n<h3><span class=\"fontstyle0\"> Facebook-Plugins (Like &amp; Share-Button)<\/span><\/h3>\n<p><span class=\"fontstyle2\"> Auf unseren Seiten sind Plugins des sozialen Netzwerks Facebook, Anbieter Facebook Inc., 1 Hacker Way, Menlo Park, California 94025, USA, integriert. Die Facebook-Plugins erkennen Sie an dem Facebook-Logo oder dem &#8222;Like-Button&#8220; (&#8222;Gef\u00e4llt mir&#8220;) auf unserer Seite. Eine \u00dcbersicht \u00fcber die Facebook-Plugins finden Sie hier: <\/span> <span class=\"fontstyle2\"> https:\/\/developers.facebook.com\/docs\/plugins\/.<\/span><\/p>\n<p><span class=\"fontstyle2\">W<\/span><span class=\"fontstyle2\">enn Sie unsere Seiten besuchen, wird \u00fcber das Plugin eine direkte Verbindung zwischen&nbsp; Ihrem Browser und dem Facebook-Server hergestellt. Facebook erh\u00e4lt dadurch die Information, dass Sie mit Ihrer IP-Adresse unsere Seite besucht haben. Wenn Sie den Facebook &#8222;Like-Button&#8220; anklicken w\u00e4hrend Sie in Ihrem Facebook-Account eingeloggt sind, k\u00f6nnen Sie die Inhalte unserer Seiten auf Ihrem Facebook-Profil verlinken. Dadurch kann Facebook den Besuch unserer Seiten Ihrem Benutzerkonto zuordnen. Wir weisen darauf hin, dass wir als Anbieter der Seiten keine Kenntnis vom Inhalt der \u00fcbermittelten Daten sowie deren Nutzung durch Facebook erhalten. Weitere Informationen hierzu inden<br \/>\nSie in der Datenschutzerkl\u00e4rung von Facebook unter: <\/span> <span class=\"fontstyle2\"> https:\/\/de-de.facebook.com \/policy.php<\/span><span class=\"fontstyle2\">. Wenn Sie nicht w\u00fcnschen, dass Facebook den Besuch unserer Seiten Ihrem Facebook-Nutzerkonto zuordnen kann, loggen Sie sich bitte aus Ihrem Facebook-Benutzerkonto aus.<\/span><\/p>\n<h3>9. Plugins und Tools<\/h3>\n<h3>Google Web Fonts<\/h3>\n<p>Diese Seite nutzt zur einheitlichen Darstellung von Schriftarten so genannte Web Fonts, die von Google bereitgestellt werden. Beim Aufruf einer Seite l\u00e4dt Ihr Browser die ben\u00f6tigten Web Fonts in ihren Browsercache, um Texte und Schriftarten korrekt anzuzeigen.<\/p>\n<p>Zu diesem Zweck muss der von Ihnen verwendete Browser Verbindung zu den Servern von Google aufnehmen. Hierdurch erlangt Google Kenntnis dar\u00fcber, dass \u00fcber Ihre IP-Adresse unsere Website aufgerufen wurde. Die Nutzung von Google Web Fonts erfolgt im Interesse einer einheitlichen und ansprechenden Darstellung unserer Online-Angebote. Dies stellt ein berechtigtes Interesse im Sinne von Art. 6 Abs. 1 lit. f DSGVO dar.<\/p>\n<p>Wenn Ihr Browser Web Fonts nicht unterst\u00fctzt, wird eine Standardschrift von Ihrem Computer genutzt.<\/p>\n<p>Weitere Informationen zu Google Web Fonts finden Sie unter <a href=\"https:\/\/developers.google.com\/fonts\/faq\" target=\"_blank\" rel=\"noopener\">https:\/\/developers.google.com\/fonts\/faq<\/a> und in der Datenschutzerkl\u00e4rung von Google: <a href=\"https:\/\/www.google.com\/policies\/privacy\/\" target=\"_blank\" rel=\"noopener\">https:\/\/www.google.com\/policies\/privacy\/<\/a>.<\/p>\n<h3>Google Maps<\/h3>\n<p>Diese Seite nutzt den Kartendienst Google Maps. Anbieter ist die Google Inc., 1600 Amphitheatre Parkway, Mountain View, CA 94043, USA.<\/p>\n<p>Zur Nutzung der Funktionen von Google Maps ist es notwendig, Ihre IP Adresse zu speichern. Diese Informationen werden in der Regel an einen Server von Google in den USA \u00fcbertragen und dort gespeichert. Der Anbieter dieser Seite hat keinen Einfluss auf diese Daten\u00fcbertragung.<\/p>\n<p>Die Nutzung von Google Maps erfolgt im Interesse einer ansprechenden Darstellung unserer Online-Angebote und an einer leichten Auffindbarkeit der von uns auf der Website angegebenen Orte. Dies stellt ein berechtigtes Interesse im Sinne von Art. 6 Abs. 1 lit. f DSGVO dar.<\/p>\n<p>Mehr Informationen zum Umgang mit Nutzerdaten finden Sie in der Datenschutzerkl\u00e4rung von Google: <a href=\"https:\/\/www.google.de\/intl\/de\/policies\/privacy\/\" target=\"_blank\" rel=\"noopener\">https:\/\/www.google.de\/intl\/de\/policies\/privacy\/<\/a>.<\/p>\n<\/div>\n<\/div>\n<p>&nbsp;<\/p>\n<\/div>\n","protected":false},"excerpt":{"rendered":"<p>Datenschutzinformation Datenschutzrechtlich Verantwortlicher: Radeberger Gruppe KG Darmst\u00e4dter Landstr. 185 60598 Frankfurt am Main E-Mail:&nbsp;info(at)radeberger-gruppe.de Website:&nbsp;www.radeberger-gruppe.de Kontaktdaten des Datenschutzbeauftragten: Herr Tobias G\u00f6ldner, Oetker Digital GmbH, Lutterstra\u00dfe 14, 33617 Bielefeld E-Mail:&nbsp;datenschutzbeauftragter(at)radeberger-gruppe.de Wir nehmen den Schutz Ihrer personenbezogenen Daten sehr ernst und erheben personenbezogene Daten daher grds. nur im notwendigen Umfang. Die nachfolgende Information gibt Ihnen einen \u00dcberblick [&hellip;]<\/p>\n","protected":false},"author":1,"featured_media":0,"parent":0,"menu_order":0,"comment_status":"closed","ping_status":"closed","template":"","meta":{"ngg_post_thumbnail":0,"footnotes":""},"class_list":["post-51","page","type-page","status-publish","hentry"],"_links":{"self":[{"href":"https:\/\/schloss-cafe-freiberg.de\/inhalt\/wp-json\/wp\/v2\/pages\/51","targetHints":{"allow":["GET"]}}],"collection":[{"href":"https:\/\/schloss-cafe-freiberg.de\/inhalt\/wp-json\/wp\/v2\/pages"}],"about":[{"href":"https:\/\/schloss-cafe-freiberg.de\/inhalt\/wp-json\/wp\/v2\/types\/page"}],"author":[{"embeddable":true,"href":"https:\/\/schloss-cafe-freiberg.de\/inhalt\/wp-json\/wp\/v2\/users\/1"}],"replies":[{"embeddable":true,"href":"https:\/\/schloss-cafe-freiberg.de\/inhalt\/wp-json\/wp\/v2\/comments?post=51"}],"version-history":[{"count":18,"href":"https:\/\/schloss-cafe-freiberg.de\/inhalt\/wp-json\/wp\/v2\/pages\/51\/revisions"}],"predecessor-version":[{"id":1195,"href":"https:\/\/schloss-cafe-freiberg.de\/inhalt\/wp-json\/wp\/v2\/pages\/51\/revisions\/1195"}],"wp:attachment":[{"href":"https:\/\/schloss-cafe-freiberg.de\/inhalt\/wp-json\/wp\/v2\/media?parent=51"}],"curies":[{"name":"wp","href":"https:\/\/api.w.org\/{rel}","templated":true}]}}